{"id":1609,"date":"2022-01-14T02:13:45","date_gmt":"2022-01-14T02:13:45","guid":{"rendered":"https:\/\/accioncolombia.org\/?page_id=1609"},"modified":"2023-12-02T05:19:52","modified_gmt":"2023-12-02T05:19:52","slug":"mary-luz-marques","status":"publish","type":"page","link":"https:\/\/accioncolombia.org\/en\/junta-directiva\/mary-luz-marques\/","title":{"rendered":"Mary Luz Marques"},"content":{"rendered":"<div data-elementor-type=\"wp-page\" data-elementor-id=\"1609\" class=\"elementor elementor-1609\">\n\t\t\t\t\t\t<section class=\"elementor-section elementor-top-section elementor-element elementor-element-2f58dc9 elementor-section-boxed elementor-section-height-default elementor-section-height-default\" data-id=\"2f58dc9\" data-element_type=\"section\" data-e-type=\"section\">\n\t\t\t\t\t\t<div class=\"elementor-container elementor-column-gap-default\">\n\t\t\t\t\t<div class=\"elementor-column elementor-col-50 elementor-top-column elementor-element elementor-element-6a48474\" data-id=\"6a48474\" data-element_type=\"column\" data-e-type=\"column\">\n\t\t\t<div class=\"elementor-widget-wrap elementor-element-populated\">\n\t\t\t\t\t\t<div class=\"elementor-element elementor-element-977f6c8 elementor-widget elementor-widget-image\" data-id=\"977f6c8\" data-element_type=\"widget\" data-e-type=\"widget\" data-widget_type=\"image.default\">\n\t\t\t\t<div class=\"elementor-widget-container\">\n\t\t\t\t\t\t\t\t\t\t\t\t\t\t\t<img fetchpriority=\"high\" decoding=\"async\" width=\"400\" height=\"542\" src=\"https:\/\/accioncolombia.org\/wp-content\/uploads\/mary-m-p.jpg\" class=\"attachment-full size-full wp-image-1450\" alt=\"\" srcset=\"https:\/\/accioncolombia.org\/wp-content\/uploads\/mary-m-p.jpg 400w, https:\/\/accioncolombia.org\/wp-content\/uploads\/mary-m-p-221x300.jpg 221w\" sizes=\"(max-width: 400px) 100vw, 400px\" \/>\t\t\t\t\t\t\t\t\t\t\t\t\t\t\t<\/div>\n\t\t\t\t<\/div>\n\t\t\t\t\t<\/div>\n\t\t<\/div>\n\t\t\t\t<div class=\"elementor-column elementor-col-50 elementor-top-column elementor-element elementor-element-8c7b5f6\" data-id=\"8c7b5f6\" data-element_type=\"column\" data-e-type=\"column\">\n\t\t\t<div class=\"elementor-widget-wrap elementor-element-populated\">\n\t\t\t\t\t\t<div class=\"elementor-element elementor-element-bd8dd36 elementor-widget elementor-widget-heading\" data-id=\"bd8dd36\" data-element_type=\"widget\" data-e-type=\"widget\" data-widget_type=\"heading.default\">\n\t\t\t\t<div class=\"elementor-widget-container\">\n\t\t\t\t\t<h2 class=\"elementor-heading-title elementor-size-default\">Mary Luz Marques<\/h2>\t\t\t\t<\/div>\n\t\t\t\t<\/div>\n\t\t\t\t<div class=\"elementor-element elementor-element-a3e8627 elementor-widget elementor-widget-heading\" data-id=\"a3e8627\" data-element_type=\"widget\" data-e-type=\"widget\" data-widget_type=\"heading.default\">\n\t\t\t\t<div class=\"elementor-widget-container\">\n\t\t\t\t\t<h2 class=\"elementor-heading-title elementor-size-default\">President<\/h2>\t\t\t\t<\/div>\n\t\t\t\t<\/div>\n\t\t\t\t<div class=\"elementor-element elementor-element-79997d4 elementor-widget elementor-widget-text-editor\" data-id=\"79997d4\" data-element_type=\"widget\" data-e-type=\"widget\" data-widget_type=\"text-editor.default\">\n\t\t\t\t<div class=\"elementor-widget-container\">\n\t\t\t\t\t\t\t\t\t<p>President, works as a multilingual librarian and coordinator for the South Cluster at the Free Library of Philadelphia (FLP). In 2016, she was elected REFORMA Northeast (RNE) President for this professional library organization; currently, she is the Chair of the RNE Leadership Institute.<\/p><p>Mary holds a Master\u2019s Degree in Library and Information Science from Clarion University, and a second Master\u2019s Degree in Bilingual\/Bicultural Studies from La Salle University, United States, and a Bachelor\u2019s Degree in Communication Science, Journalism, from Inca Garcilaso de la Vega University, Peru.<\/p><p>Mary is passionate about diversity, culture awareness and cross-cultural communication in libraries. Some of her blogs posting are in the IFLA, New Professionals Special Interest Group and the FLP. Also, she writes for Impacto and collaborates with PhillyCam. She loves to travel and to learn about other cultures and traditions. Also, she adores photography and enjoys practicing road biking with her husband.<\/p>\t\t\t\t\t\t\t\t<\/div>\n\t\t\t\t<\/div>\n\t\t\t\t<div class=\"elementor-element elementor-element-897e02b elementor-widget elementor-widget-button\" data-id=\"897e02b\" data-element_type=\"widget\" data-e-type=\"widget\" data-widget_type=\"button.default\">\n\t\t\t\t<div class=\"elementor-widget-container\">\n\t\t\t\t\t\t\t\t\t<div class=\"elementor-button-wrapper\">\n\t\t\t\t\t<a class=\"elementor-button elementor-button-link elementor-size-sm\" href=\"https:\/\/accioncolombia.org\/en\/junta-directiva\/\">\n\t\t\t\t\t\t<span class=\"elementor-button-content-wrapper\">\n\t\t\t\t\t\t\t\t\t<span class=\"elementor-button-text\">BACK<\/span>\n\t\t\t\t\t<\/span>\n\t\t\t\t\t<\/a>\n\t\t\t\t<\/div>\n\t\t\t\t\t\t\t\t<\/div>\n\t\t\t\t<\/div>\n\t\t\t\t\t<\/div>\n\t\t<\/div>\n\t\t\t\t\t<\/div>\n\t\t<\/section>\n\t\t\t\t<\/div>","protected":false},"excerpt":{"rendered":"<p>Mary Luz Marques Presidenta Presidenta, trabaja como bibliotecaria multiling\u00fce y coordinadora del South Cluster en la Biblioteca P\u00fablica de Filadelfia (FLP). En 2016, fue elegida presidenta de REFORMA Northeast (RNE) para esta organizaci\u00f3n; actualmente, es la presidenta del Instituto de Liderazgo RNE. Mary tiene una Maestr\u00eda en Bibliotecolog\u00eda y Ciencias de la Informaci\u00f3n de la [&hellip;]<\/p>\n","protected":false},"author":2,"featured_media":0,"parent":944,"menu_order":0,"comment_status":"closed","ping_status":"closed","template":"elementor_header_footer","meta":{"footnotes":""},"class_list":["post-1609","page","type-page","status-publish","hentry"],"yoast_head":"<!-- This site is optimized with the Yoast SEO plugin v27.5 - https:\/\/yoast.com\/product\/yoast-seo-wordpress\/ -->\n<title>Mary Luz Marques - Accion Colombia<\/title>\n<meta name=\"robots\" content=\"index, follow, max-snippet:-1, max-image-preview:large, max-video-preview:-1\" \/>\n<link rel=\"canonical\" href=\"https:\/\/accioncolombia.org\/en\/junta-directiva\/mary-luz-marques\/\" \/>\n<meta property=\"og:locale\" content=\"en_US\" \/>\n<meta property=\"og:type\" content=\"article\" \/>\n<meta property=\"og:title\" content=\"Mary Luz Marques - Accion Colombia\" \/>\n<meta property=\"og:description\" content=\"Mary Luz Marques Presidenta Presidenta, trabaja como bibliotecaria multiling\u00fce y coordinadora del South Cluster en la Biblioteca P\u00fablica de Filadelfia (FLP). En 2016, fue elegida presidenta de REFORMA Northeast (RNE) para esta organizaci\u00f3n; actualmente, es la presidenta del Instituto de Liderazgo RNE. Mary tiene una Maestr\u00eda en Bibliotecolog\u00eda y Ciencias de la Informaci\u00f3n de la [&hellip;]\" \/>\n<meta property=\"og:url\" content=\"https:\/\/accioncolombia.org\/en\/junta-directiva\/mary-luz-marques\/\" \/>\n<meta property=\"og:site_name\" content=\"Accion Colombia\" \/>\n<meta property=\"article:publisher\" content=\"https:\/\/www.facebook.com\/AccionColombiaPhilly\/\" \/>\n<meta property=\"article:modified_time\" content=\"2023-12-02T05:19:52+00:00\" \/>\n<meta property=\"og:image\" content=\"https:\/\/accioncolombia.org\/wp-content\/uploads\/mary-m-p.jpg\" \/>\n<meta name=\"twitter:card\" content=\"summary_large_image\" \/>\n<meta name=\"twitter:site\" content=\"@accioncolombia1\" \/>\n<meta name=\"twitter:label1\" content=\"Est. reading time\" \/>\n\t<meta name=\"twitter:data1\" content=\"1 minute\" \/>\n<script type=\"application\/ld+json\" class=\"yoast-schema-graph\">{\"@context\":\"https:\\\/\\\/schema.org\",\"@graph\":[{\"@type\":\"WebPage\",\"@id\":\"https:\\\/\\\/accioncolombia.org\\\/junta-directiva\\\/mary-luz-marques\\\/\",\"url\":\"https:\\\/\\\/accioncolombia.org\\\/junta-directiva\\\/mary-luz-marques\\\/\",\"name\":\"Mary Luz Marques - Accion Colombia\",\"isPartOf\":{\"@id\":\"https:\\\/\\\/accioncolombia.org\\\/#website\"},\"primaryImageOfPage\":{\"@id\":\"https:\\\/\\\/accioncolombia.org\\\/junta-directiva\\\/mary-luz-marques\\\/#primaryimage\"},\"image\":{\"@id\":\"https:\\\/\\\/accioncolombia.org\\\/junta-directiva\\\/mary-luz-marques\\\/#primaryimage\"},\"thumbnailUrl\":\"https:\\\/\\\/accioncolombia.org\\\/wp-content\\\/uploads\\\/mary-m-p.jpg\",\"datePublished\":\"2022-01-14T02:13:45+00:00\",\"dateModified\":\"2023-12-02T05:19:52+00:00\",\"breadcrumb\":{\"@id\":\"https:\\\/\\\/accioncolombia.org\\\/junta-directiva\\\/mary-luz-marques\\\/#breadcrumb\"},\"inLanguage\":\"en-US\",\"potentialAction\":[{\"@type\":\"ReadAction\",\"target\":[\"https:\\\/\\\/accioncolombia.org\\\/junta-directiva\\\/mary-luz-marques\\\/\"]}]},{\"@type\":\"ImageObject\",\"inLanguage\":\"en-US\",\"@id\":\"https:\\\/\\\/accioncolombia.org\\\/junta-directiva\\\/mary-luz-marques\\\/#primaryimage\",\"url\":\"https:\\\/\\\/accioncolombia.org\\\/wp-content\\\/uploads\\\/mary-m-p.jpg\",\"contentUrl\":\"https:\\\/\\\/accioncolombia.org\\\/wp-content\\\/uploads\\\/mary-m-p.jpg\"},{\"@type\":\"BreadcrumbList\",\"@id\":\"https:\\\/\\\/accioncolombia.org\\\/junta-directiva\\\/mary-luz-marques\\\/#breadcrumb\",\"itemListElement\":[{\"@type\":\"ListItem\",\"position\":1,\"name\":\"Home\",\"item\":\"https:\\\/\\\/accioncolombia.org\\\/\"},{\"@type\":\"ListItem\",\"position\":2,\"name\":\"Junta Directiva\",\"item\":\"https:\\\/\\\/accioncolombia.org\\\/junta-directiva\\\/\"},{\"@type\":\"ListItem\",\"position\":3,\"name\":\"Mary Luz Marques\"}]},{\"@type\":\"WebSite\",\"@id\":\"https:\\\/\\\/accioncolombia.org\\\/#website\",\"url\":\"https:\\\/\\\/accioncolombia.org\\\/\",\"name\":\"Accion Colombia\",\"description\":\"Una organizaci\u00f3n que crea espacios para mantener vigente la cultura colombiana como parte integral de la diversidad hispana en Pennsylvania, New Jersey y Delaware.\",\"publisher\":{\"@id\":\"https:\\\/\\\/accioncolombia.org\\\/#organization\"},\"potentialAction\":[{\"@type\":\"SearchAction\",\"target\":{\"@type\":\"EntryPoint\",\"urlTemplate\":\"https:\\\/\\\/accioncolombia.org\\\/?s={search_term_string}\"},\"query-input\":{\"@type\":\"PropertyValueSpecification\",\"valueRequired\":true,\"valueName\":\"search_term_string\"}}],\"inLanguage\":\"en-US\"},{\"@type\":\"Organization\",\"@id\":\"https:\\\/\\\/accioncolombia.org\\\/#organization\",\"name\":\"Acci\u00f3n Colombia\",\"url\":\"https:\\\/\\\/accioncolombia.org\\\/\",\"logo\":{\"@type\":\"ImageObject\",\"inLanguage\":\"en-US\",\"@id\":\"https:\\\/\\\/accioncolombia.org\\\/#\\\/schema\\\/logo\\\/image\\\/\",\"url\":\"https:\\\/\\\/accioncolombia.org\\\/wp-content\\\/uploads\\\/logo.jpg\",\"contentUrl\":\"https:\\\/\\\/accioncolombia.org\\\/wp-content\\\/uploads\\\/logo.jpg\",\"width\":400,\"height\":400,\"caption\":\"Acci\u00f3n Colombia\"},\"image\":{\"@id\":\"https:\\\/\\\/accioncolombia.org\\\/#\\\/schema\\\/logo\\\/image\\\/\"},\"sameAs\":[\"https:\\\/\\\/www.facebook.com\\\/AccionColombiaPhilly\\\/\",\"https:\\\/\\\/x.com\\\/accioncolombia1\"]}]}<\/script>\n<!-- \/ Yoast SEO plugin. -->","yoast_head_json":{"title":"Mary Luz Marques - Accion Colombia","robots":{"index":"index","follow":"follow","max-snippet":"max-snippet:-1","max-image-preview":"max-image-preview:large","max-video-preview":"max-video-preview:-1"},"canonical":"https:\/\/accioncolombia.org\/en\/junta-directiva\/mary-luz-marques\/","og_locale":"en_US","og_type":"article","og_title":"Mary Luz Marques - Accion Colombia","og_description":"Mary Luz Marques Presidenta Presidenta, trabaja como bibliotecaria multiling\u00fce y coordinadora del South Cluster en la Biblioteca P\u00fablica de Filadelfia (FLP). En 2016, fue elegida presidenta de REFORMA Northeast (RNE) para esta organizaci\u00f3n; actualmente, es la presidenta del Instituto de Liderazgo RNE. Mary tiene una Maestr\u00eda en Bibliotecolog\u00eda y Ciencias de la Informaci\u00f3n de la [&hellip;]","og_url":"https:\/\/accioncolombia.org\/en\/junta-directiva\/mary-luz-marques\/","og_site_name":"Accion Colombia","article_publisher":"https:\/\/www.facebook.com\/AccionColombiaPhilly\/","article_modified_time":"2023-12-02T05:19:52+00:00","og_image":[{"url":"https:\/\/accioncolombia.org\/wp-content\/uploads\/mary-m-p.jpg","type":"","width":"","height":""}],"twitter_card":"summary_large_image","twitter_site":"@accioncolombia1","twitter_misc":{"Est. reading time":"1 minute"},"schema":{"@context":"https:\/\/schema.org","@graph":[{"@type":"WebPage","@id":"https:\/\/accioncolombia.org\/junta-directiva\/mary-luz-marques\/","url":"https:\/\/accioncolombia.org\/junta-directiva\/mary-luz-marques\/","name":"Mary Luz Marques - Accion Colombia","isPartOf":{"@id":"https:\/\/accioncolombia.org\/#website"},"primaryImageOfPage":{"@id":"https:\/\/accioncolombia.org\/junta-directiva\/mary-luz-marques\/#primaryimage"},"image":{"@id":"https:\/\/accioncolombia.org\/junta-directiva\/mary-luz-marques\/#primaryimage"},"thumbnailUrl":"https:\/\/accioncolombia.org\/wp-content\/uploads\/mary-m-p.jpg","datePublished":"2022-01-14T02:13:45+00:00","dateModified":"2023-12-02T05:19:52+00:00","breadcrumb":{"@id":"https:\/\/accioncolombia.org\/junta-directiva\/mary-luz-marques\/#breadcrumb"},"inLanguage":"en-US","potentialAction":[{"@type":"ReadAction","target":["https:\/\/accioncolombia.org\/junta-directiva\/mary-luz-marques\/"]}]},{"@type":"ImageObject","inLanguage":"en-US","@id":"https:\/\/accioncolombia.org\/junta-directiva\/mary-luz-marques\/#primaryimage","url":"https:\/\/accioncolombia.org\/wp-content\/uploads\/mary-m-p.jpg","contentUrl":"https:\/\/accioncolombia.org\/wp-content\/uploads\/mary-m-p.jpg"},{"@type":"BreadcrumbList","@id":"https:\/\/accioncolombia.org\/junta-directiva\/mary-luz-marques\/#breadcrumb","itemListElement":[{"@type":"ListItem","position":1,"name":"Home","item":"https:\/\/accioncolombia.org\/"},{"@type":"ListItem","position":2,"name":"Junta Directiva","item":"https:\/\/accioncolombia.org\/junta-directiva\/"},{"@type":"ListItem","position":3,"name":"Mary Luz Marques"}]},{"@type":"WebSite","@id":"https:\/\/accioncolombia.org\/#website","url":"https:\/\/accioncolombia.org\/","name":"Accion Colombia","description":"Una organizaci\u00f3n que crea espacios para mantener vigente la cultura colombiana como parte integral de la diversidad hispana en Pennsylvania, New Jersey y Delaware.","publisher":{"@id":"https:\/\/accioncolombia.org\/#organization"},"potentialAction":[{"@type":"SearchAction","target":{"@type":"EntryPoint","urlTemplate":"https:\/\/accioncolombia.org\/?s={search_term_string}"},"query-input":{"@type":"PropertyValueSpecification","valueRequired":true,"valueName":"search_term_string"}}],"inLanguage":"en-US"},{"@type":"Organization","@id":"https:\/\/accioncolombia.org\/#organization","name":"Acci\u00f3n Colombia","url":"https:\/\/accioncolombia.org\/","logo":{"@type":"ImageObject","inLanguage":"en-US","@id":"https:\/\/accioncolombia.org\/#\/schema\/logo\/image\/","url":"https:\/\/accioncolombia.org\/wp-content\/uploads\/logo.jpg","contentUrl":"https:\/\/accioncolombia.org\/wp-content\/uploads\/logo.jpg","width":400,"height":400,"caption":"Acci\u00f3n Colombia"},"image":{"@id":"https:\/\/accioncolombia.org\/#\/schema\/logo\/image\/"},"sameAs":["https:\/\/www.facebook.com\/AccionColombiaPhilly\/","https:\/\/x.com\/accioncolombia1"]}]}},"jetpack_sharing_enabled":true,"_links":{"self":[{"href":"https:\/\/accioncolombia.org\/en\/wp-json\/wp\/v2\/pages\/1609","targetHints":{"allow":["GET"]}}],"collection":[{"href":"https:\/\/accioncolombia.org\/en\/wp-json\/wp\/v2\/pages"}],"about":[{"href":"https:\/\/accioncolombia.org\/en\/wp-json\/wp\/v2\/types\/page"}],"author":[{"embeddable":true,"href":"https:\/\/accioncolombia.org\/en\/wp-json\/wp\/v2\/users\/2"}],"replies":[{"embeddable":true,"href":"https:\/\/accioncolombia.org\/en\/wp-json\/wp\/v2\/comments?post=1609"}],"version-history":[{"count":32,"href":"https:\/\/accioncolombia.org\/en\/wp-json\/wp\/v2\/pages\/1609\/revisions"}],"predecessor-version":[{"id":2646,"href":"https:\/\/accioncolombia.org\/en\/wp-json\/wp\/v2\/pages\/1609\/revisions\/2646"}],"up":[{"embeddable":true,"href":"https:\/\/accioncolombia.org\/en\/wp-json\/wp\/v2\/pages\/944"}],"wp:attachment":[{"href":"https:\/\/accioncolombia.org\/en\/wp-json\/wp\/v2\/media?parent=1609"}],"curies":[{"name":"wp","href":"https:\/\/api.w.org\/{rel}","templated":true}]}}