{"id":1630,"date":"2022-01-14T03:12:49","date_gmt":"2022-01-14T03:12:49","guid":{"rendered":"https:\/\/accioncolombia.org\/?page_id=1630"},"modified":"2023-12-02T05:08:45","modified_gmt":"2023-12-02T05:08:45","slug":"jael-conde","status":"publish","type":"page","link":"https:\/\/accioncolombia.org\/en\/junta-directiva\/jael-conde\/","title":{"rendered":"Jael Conde"},"content":{"rendered":"<div data-elementor-type=\"wp-page\" data-elementor-id=\"1630\" class=\"elementor elementor-1630\">\n\t\t\t\t\t\t<section class=\"elementor-section elementor-top-section elementor-element elementor-element-63d7004 elementor-section-boxed elementor-section-height-default elementor-section-height-default\" data-id=\"63d7004\" data-element_type=\"section\" data-e-type=\"section\">\n\t\t\t\t\t\t<div class=\"elementor-container elementor-column-gap-default\">\n\t\t\t\t\t<div class=\"elementor-column elementor-col-50 elementor-top-column elementor-element elementor-element-031a354\" data-id=\"031a354\" data-element_type=\"column\" data-e-type=\"column\">\n\t\t\t<div class=\"elementor-widget-wrap elementor-element-populated\">\n\t\t\t\t\t\t<div class=\"elementor-element elementor-element-815b399 elementor-widget elementor-widget-image\" data-id=\"815b399\" data-element_type=\"widget\" data-e-type=\"widget\" data-widget_type=\"image.default\">\n\t\t\t\t<div class=\"elementor-widget-container\">\n\t\t\t\t\t\t\t\t\t\t\t\t\t\t\t<img fetchpriority=\"high\" decoding=\"async\" width=\"400\" height=\"542\" src=\"https:\/\/accioncolombia.org\/wp-content\/uploads\/jael-c-p.jpg\" class=\"attachment-full size-full wp-image-1452\" alt=\"\" srcset=\"https:\/\/accioncolombia.org\/wp-content\/uploads\/jael-c-p.jpg 400w, https:\/\/accioncolombia.org\/wp-content\/uploads\/jael-c-p-221x300.jpg 221w\" sizes=\"(max-width: 400px) 100vw, 400px\" \/>\t\t\t\t\t\t\t\t\t\t\t\t\t\t\t<\/div>\n\t\t\t\t<\/div>\n\t\t\t\t\t<\/div>\n\t\t<\/div>\n\t\t\t\t<div class=\"elementor-column elementor-col-50 elementor-top-column elementor-element elementor-element-d74bed9\" data-id=\"d74bed9\" data-element_type=\"column\" data-e-type=\"column\">\n\t\t\t<div class=\"elementor-widget-wrap elementor-element-populated\">\n\t\t\t\t\t\t<div class=\"elementor-element elementor-element-98f5403 elementor-widget elementor-widget-heading\" data-id=\"98f5403\" data-element_type=\"widget\" data-e-type=\"widget\" data-widget_type=\"heading.default\">\n\t\t\t\t<div class=\"elementor-widget-container\">\n\t\t\t\t\t<h2 class=\"elementor-heading-title elementor-size-default\">Jael Conde<\/h2>\t\t\t\t<\/div>\n\t\t\t\t<\/div>\n\t\t\t\t<div class=\"elementor-element elementor-element-7e7c38e elementor-widget elementor-widget-heading\" data-id=\"7e7c38e\" data-element_type=\"widget\" data-e-type=\"widget\" data-widget_type=\"heading.default\">\n\t\t\t\t<div class=\"elementor-widget-container\">\n\t\t\t\t\t<h2 class=\"elementor-heading-title elementor-size-default\">Marketing Director<\/h2>\t\t\t\t<\/div>\n\t\t\t\t<\/div>\n\t\t\t\t<div class=\"elementor-element elementor-element-cb02de5 elementor-widget elementor-widget-text-editor\" data-id=\"cb02de5\" data-element_type=\"widget\" data-e-type=\"widget\" data-widget_type=\"text-editor.default\">\n\t\t\t\t<div class=\"elementor-widget-container\">\n\t\t\t\t\t\t\t\t\t<p>Jael Conde is a dynamic bi-lingual marketing professional with proven results in creating innovative marketing campaigns. She is currently the Director of Community Marketing at Mendoza Group. She served as the regional sales director for National Coffee Park in Colombia, where she is originally from. She was also social media director for El Sol Latino newspaper and marketing director for El Zol Radio 97.1 FM, both in Philadelphia. Jael is a master of planning and implementing unique and effective creative solutions to connect brands. A Rutgers University graduate, she recently completed the Disney Institute\u2019s Approach to Leadership Excellence program and is working on her master\u2019s degree in business, management, and marketing at Harvard Extension School. During her free time, Jael crews for Anthony Robbins Research International, and serves as a board member of the Hispanic Leadership Association of New Jersey and Accion Colombia, as Marketing Director of the Latin American Book Fair.<\/p>\t\t\t\t\t\t\t\t<\/div>\n\t\t\t\t<\/div>\n\t\t\t\t<div class=\"elementor-element elementor-element-1f70e57 elementor-widget elementor-widget-button\" data-id=\"1f70e57\" data-element_type=\"widget\" data-e-type=\"widget\" data-widget_type=\"button.default\">\n\t\t\t\t<div class=\"elementor-widget-container\">\n\t\t\t\t\t\t\t\t\t<div class=\"elementor-button-wrapper\">\n\t\t\t\t\t<a class=\"elementor-button elementor-button-link elementor-size-sm\" href=\"https:\/\/accioncolombia.org\/en\/junta-directiva\/\">\n\t\t\t\t\t\t<span class=\"elementor-button-content-wrapper\">\n\t\t\t\t\t\t\t\t\t<span class=\"elementor-button-text\">BACK<\/span>\n\t\t\t\t\t<\/span>\n\t\t\t\t\t<\/a>\n\t\t\t\t<\/div>\n\t\t\t\t\t\t\t\t<\/div>\n\t\t\t\t<\/div>\n\t\t\t\t\t<\/div>\n\t\t<\/div>\n\t\t\t\t\t<\/div>\n\t\t<\/section>\n\t\t\t\t<\/div>","protected":false},"excerpt":{"rendered":"<p>Jael Conde Directora de Mercadeo Jael Conde es una profesional de marketing biling\u00fce con resultados acreditados en la creaci\u00f3n de campa\u00f1as de marketing innovadoras. Actualmente es la directora de community marketing de Mendoza Group. Antes de formar parte de Mendoza, se desempe\u00f1\u00f3 como directora regional de ventas para el Parque Nacional del Caf\u00e9 en Colombia, [&hellip;]<\/p>\n","protected":false},"author":2,"featured_media":0,"parent":944,"menu_order":0,"comment_status":"closed","ping_status":"closed","template":"elementor_header_footer","meta":{"footnotes":""},"class_list":["post-1630","page","type-page","status-publish","hentry"],"yoast_head":"<!-- This site is optimized with the Yoast SEO plugin v27.5 - https:\/\/yoast.com\/product\/yoast-seo-wordpress\/ -->\n<title>Jael Conde - Accion Colombia<\/title>\n<meta name=\"robots\" content=\"index, follow, max-snippet:-1, max-image-preview:large, max-video-preview:-1\" \/>\n<link rel=\"canonical\" href=\"https:\/\/accioncolombia.org\/en\/junta-directiva\/jael-conde\/\" \/>\n<meta property=\"og:locale\" content=\"en_US\" \/>\n<meta property=\"og:type\" content=\"article\" \/>\n<meta property=\"og:title\" content=\"Jael Conde - Accion Colombia\" \/>\n<meta property=\"og:description\" content=\"Jael Conde Directora de Mercadeo Jael Conde es una profesional de marketing biling\u00fce con resultados acreditados en la creaci\u00f3n de campa\u00f1as de marketing innovadoras. Actualmente es la directora de community marketing de Mendoza Group. Antes de formar parte de Mendoza, se desempe\u00f1\u00f3 como directora regional de ventas para el Parque Nacional del Caf\u00e9 en Colombia, [&hellip;]\" \/>\n<meta property=\"og:url\" content=\"https:\/\/accioncolombia.org\/en\/junta-directiva\/jael-conde\/\" \/>\n<meta property=\"og:site_name\" content=\"Accion Colombia\" \/>\n<meta property=\"article:publisher\" content=\"https:\/\/www.facebook.com\/AccionColombiaPhilly\/\" \/>\n<meta property=\"article:modified_time\" content=\"2023-12-02T05:08:45+00:00\" \/>\n<meta property=\"og:image\" content=\"https:\/\/accioncolombia.org\/wp-content\/uploads\/jael-c-p.jpg\" \/>\n<meta name=\"twitter:card\" content=\"summary_large_image\" \/>\n<meta name=\"twitter:site\" content=\"@accioncolombia1\" \/>\n<meta name=\"twitter:label1\" content=\"Est. reading time\" \/>\n\t<meta name=\"twitter:data1\" content=\"1 minute\" \/>\n<script type=\"application\/ld+json\" class=\"yoast-schema-graph\">{\"@context\":\"https:\\\/\\\/schema.org\",\"@graph\":[{\"@type\":\"WebPage\",\"@id\":\"https:\\\/\\\/accioncolombia.org\\\/junta-directiva\\\/jael-conde\\\/\",\"url\":\"https:\\\/\\\/accioncolombia.org\\\/junta-directiva\\\/jael-conde\\\/\",\"name\":\"Jael Conde - Accion Colombia\",\"isPartOf\":{\"@id\":\"https:\\\/\\\/accioncolombia.org\\\/#website\"},\"primaryImageOfPage\":{\"@id\":\"https:\\\/\\\/accioncolombia.org\\\/junta-directiva\\\/jael-conde\\\/#primaryimage\"},\"image\":{\"@id\":\"https:\\\/\\\/accioncolombia.org\\\/junta-directiva\\\/jael-conde\\\/#primaryimage\"},\"thumbnailUrl\":\"https:\\\/\\\/accioncolombia.org\\\/wp-content\\\/uploads\\\/jael-c-p.jpg\",\"datePublished\":\"2022-01-14T03:12:49+00:00\",\"dateModified\":\"2023-12-02T05:08:45+00:00\",\"breadcrumb\":{\"@id\":\"https:\\\/\\\/accioncolombia.org\\\/junta-directiva\\\/jael-conde\\\/#breadcrumb\"},\"inLanguage\":\"en-US\",\"potentialAction\":[{\"@type\":\"ReadAction\",\"target\":[\"https:\\\/\\\/accioncolombia.org\\\/junta-directiva\\\/jael-conde\\\/\"]}]},{\"@type\":\"ImageObject\",\"inLanguage\":\"en-US\",\"@id\":\"https:\\\/\\\/accioncolombia.org\\\/junta-directiva\\\/jael-conde\\\/#primaryimage\",\"url\":\"https:\\\/\\\/accioncolombia.org\\\/wp-content\\\/uploads\\\/jael-c-p.jpg\",\"contentUrl\":\"https:\\\/\\\/accioncolombia.org\\\/wp-content\\\/uploads\\\/jael-c-p.jpg\"},{\"@type\":\"BreadcrumbList\",\"@id\":\"https:\\\/\\\/accioncolombia.org\\\/junta-directiva\\\/jael-conde\\\/#breadcrumb\",\"itemListElement\":[{\"@type\":\"ListItem\",\"position\":1,\"name\":\"Home\",\"item\":\"https:\\\/\\\/accioncolombia.org\\\/\"},{\"@type\":\"ListItem\",\"position\":2,\"name\":\"Junta Directiva\",\"item\":\"https:\\\/\\\/accioncolombia.org\\\/junta-directiva\\\/\"},{\"@type\":\"ListItem\",\"position\":3,\"name\":\"Jael Conde\"}]},{\"@type\":\"WebSite\",\"@id\":\"https:\\\/\\\/accioncolombia.org\\\/#website\",\"url\":\"https:\\\/\\\/accioncolombia.org\\\/\",\"name\":\"Accion Colombia\",\"description\":\"Una organizaci\u00f3n que crea espacios para mantener vigente la cultura colombiana como parte integral de la diversidad hispana en Pennsylvania, New Jersey y Delaware.\",\"publisher\":{\"@id\":\"https:\\\/\\\/accioncolombia.org\\\/#organization\"},\"potentialAction\":[{\"@type\":\"SearchAction\",\"target\":{\"@type\":\"EntryPoint\",\"urlTemplate\":\"https:\\\/\\\/accioncolombia.org\\\/?s={search_term_string}\"},\"query-input\":{\"@type\":\"PropertyValueSpecification\",\"valueRequired\":true,\"valueName\":\"search_term_string\"}}],\"inLanguage\":\"en-US\"},{\"@type\":\"Organization\",\"@id\":\"https:\\\/\\\/accioncolombia.org\\\/#organization\",\"name\":\"Acci\u00f3n Colombia\",\"url\":\"https:\\\/\\\/accioncolombia.org\\\/\",\"logo\":{\"@type\":\"ImageObject\",\"inLanguage\":\"en-US\",\"@id\":\"https:\\\/\\\/accioncolombia.org\\\/#\\\/schema\\\/logo\\\/image\\\/\",\"url\":\"https:\\\/\\\/accioncolombia.org\\\/wp-content\\\/uploads\\\/logo.jpg\",\"contentUrl\":\"https:\\\/\\\/accioncolombia.org\\\/wp-content\\\/uploads\\\/logo.jpg\",\"width\":400,\"height\":400,\"caption\":\"Acci\u00f3n Colombia\"},\"image\":{\"@id\":\"https:\\\/\\\/accioncolombia.org\\\/#\\\/schema\\\/logo\\\/image\\\/\"},\"sameAs\":[\"https:\\\/\\\/www.facebook.com\\\/AccionColombiaPhilly\\\/\",\"https:\\\/\\\/x.com\\\/accioncolombia1\"]}]}<\/script>\n<!-- \/ Yoast SEO plugin. -->","yoast_head_json":{"title":"Jael Conde - Accion Colombia","robots":{"index":"index","follow":"follow","max-snippet":"max-snippet:-1","max-image-preview":"max-image-preview:large","max-video-preview":"max-video-preview:-1"},"canonical":"https:\/\/accioncolombia.org\/en\/junta-directiva\/jael-conde\/","og_locale":"en_US","og_type":"article","og_title":"Jael Conde - Accion Colombia","og_description":"Jael Conde Directora de Mercadeo Jael Conde es una profesional de marketing biling\u00fce con resultados acreditados en la creaci\u00f3n de campa\u00f1as de marketing innovadoras. Actualmente es la directora de community marketing de Mendoza Group. Antes de formar parte de Mendoza, se desempe\u00f1\u00f3 como directora regional de ventas para el Parque Nacional del Caf\u00e9 en Colombia, [&hellip;]","og_url":"https:\/\/accioncolombia.org\/en\/junta-directiva\/jael-conde\/","og_site_name":"Accion Colombia","article_publisher":"https:\/\/www.facebook.com\/AccionColombiaPhilly\/","article_modified_time":"2023-12-02T05:08:45+00:00","og_image":[{"url":"https:\/\/accioncolombia.org\/wp-content\/uploads\/jael-c-p.jpg","type":"","width":"","height":""}],"twitter_card":"summary_large_image","twitter_site":"@accioncolombia1","twitter_misc":{"Est. reading time":"1 minute"},"schema":{"@context":"https:\/\/schema.org","@graph":[{"@type":"WebPage","@id":"https:\/\/accioncolombia.org\/junta-directiva\/jael-conde\/","url":"https:\/\/accioncolombia.org\/junta-directiva\/jael-conde\/","name":"Jael Conde - Accion Colombia","isPartOf":{"@id":"https:\/\/accioncolombia.org\/#website"},"primaryImageOfPage":{"@id":"https:\/\/accioncolombia.org\/junta-directiva\/jael-conde\/#primaryimage"},"image":{"@id":"https:\/\/accioncolombia.org\/junta-directiva\/jael-conde\/#primaryimage"},"thumbnailUrl":"https:\/\/accioncolombia.org\/wp-content\/uploads\/jael-c-p.jpg","datePublished":"2022-01-14T03:12:49+00:00","dateModified":"2023-12-02T05:08:45+00:00","breadcrumb":{"@id":"https:\/\/accioncolombia.org\/junta-directiva\/jael-conde\/#breadcrumb"},"inLanguage":"en-US","potentialAction":[{"@type":"ReadAction","target":["https:\/\/accioncolombia.org\/junta-directiva\/jael-conde\/"]}]},{"@type":"ImageObject","inLanguage":"en-US","@id":"https:\/\/accioncolombia.org\/junta-directiva\/jael-conde\/#primaryimage","url":"https:\/\/accioncolombia.org\/wp-content\/uploads\/jael-c-p.jpg","contentUrl":"https:\/\/accioncolombia.org\/wp-content\/uploads\/jael-c-p.jpg"},{"@type":"BreadcrumbList","@id":"https:\/\/accioncolombia.org\/junta-directiva\/jael-conde\/#breadcrumb","itemListElement":[{"@type":"ListItem","position":1,"name":"Home","item":"https:\/\/accioncolombia.org\/"},{"@type":"ListItem","position":2,"name":"Junta Directiva","item":"https:\/\/accioncolombia.org\/junta-directiva\/"},{"@type":"ListItem","position":3,"name":"Jael Conde"}]},{"@type":"WebSite","@id":"https:\/\/accioncolombia.org\/#website","url":"https:\/\/accioncolombia.org\/","name":"Accion Colombia","description":"Una organizaci\u00f3n que crea espacios para mantener vigente la cultura colombiana como parte integral de la diversidad hispana en Pennsylvania, New Jersey y Delaware.","publisher":{"@id":"https:\/\/accioncolombia.org\/#organization"},"potentialAction":[{"@type":"SearchAction","target":{"@type":"EntryPoint","urlTemplate":"https:\/\/accioncolombia.org\/?s={search_term_string}"},"query-input":{"@type":"PropertyValueSpecification","valueRequired":true,"valueName":"search_term_string"}}],"inLanguage":"en-US"},{"@type":"Organization","@id":"https:\/\/accioncolombia.org\/#organization","name":"Acci\u00f3n Colombia","url":"https:\/\/accioncolombia.org\/","logo":{"@type":"ImageObject","inLanguage":"en-US","@id":"https:\/\/accioncolombia.org\/#\/schema\/logo\/image\/","url":"https:\/\/accioncolombia.org\/wp-content\/uploads\/logo.jpg","contentUrl":"https:\/\/accioncolombia.org\/wp-content\/uploads\/logo.jpg","width":400,"height":400,"caption":"Acci\u00f3n Colombia"},"image":{"@id":"https:\/\/accioncolombia.org\/#\/schema\/logo\/image\/"},"sameAs":["https:\/\/www.facebook.com\/AccionColombiaPhilly\/","https:\/\/x.com\/accioncolombia1"]}]}},"jetpack_sharing_enabled":true,"_links":{"self":[{"href":"https:\/\/accioncolombia.org\/en\/wp-json\/wp\/v2\/pages\/1630","targetHints":{"allow":["GET"]}}],"collection":[{"href":"https:\/\/accioncolombia.org\/en\/wp-json\/wp\/v2\/pages"}],"about":[{"href":"https:\/\/accioncolombia.org\/en\/wp-json\/wp\/v2\/types\/page"}],"author":[{"embeddable":true,"href":"https:\/\/accioncolombia.org\/en\/wp-json\/wp\/v2\/users\/2"}],"replies":[{"embeddable":true,"href":"https:\/\/accioncolombia.org\/en\/wp-json\/wp\/v2\/comments?post=1630"}],"version-history":[{"count":34,"href":"https:\/\/accioncolombia.org\/en\/wp-json\/wp\/v2\/pages\/1630\/revisions"}],"predecessor-version":[{"id":2630,"href":"https:\/\/accioncolombia.org\/en\/wp-json\/wp\/v2\/pages\/1630\/revisions\/2630"}],"up":[{"embeddable":true,"href":"https:\/\/accioncolombia.org\/en\/wp-json\/wp\/v2\/pages\/944"}],"wp:attachment":[{"href":"https:\/\/accioncolombia.org\/en\/wp-json\/wp\/v2\/media?parent=1630"}],"curies":[{"name":"wp","href":"https:\/\/api.w.org\/{rel}","templated":true}]}}