{"id":1640,"date":"2022-01-14T04:33:14","date_gmt":"2022-01-14T04:33:14","guid":{"rendered":"https:\/\/accioncolombia.org\/?page_id=1640"},"modified":"2023-12-02T05:19:10","modified_gmt":"2023-12-02T05:19:10","slug":"maria-e-metelitis","status":"publish","type":"page","link":"https:\/\/accioncolombia.org\/en\/junta-directiva\/maria-e-metelitis\/","title":{"rendered":"Maria E Metelitis"},"content":{"rendered":"<div data-elementor-type=\"wp-page\" data-elementor-id=\"1640\" class=\"elementor elementor-1640\">\n\t\t\t\t\t\t<section class=\"elementor-section elementor-top-section elementor-element elementor-element-fd41eaf elementor-section-boxed elementor-section-height-default elementor-section-height-default\" data-id=\"fd41eaf\" data-element_type=\"section\" data-e-type=\"section\">\n\t\t\t\t\t\t<div class=\"elementor-container elementor-column-gap-default\">\n\t\t\t\t\t<div class=\"elementor-column elementor-col-50 elementor-top-column elementor-element elementor-element-91d9592\" data-id=\"91d9592\" data-element_type=\"column\" data-e-type=\"column\">\n\t\t\t<div class=\"elementor-widget-wrap elementor-element-populated\">\n\t\t\t\t\t\t<div class=\"elementor-element elementor-element-1882ecf elementor-widget elementor-widget-image\" data-id=\"1882ecf\" data-element_type=\"widget\" data-e-type=\"widget\" data-widget_type=\"image.default\">\n\t\t\t\t<div class=\"elementor-widget-container\">\n\t\t\t\t\t\t\t\t\t\t\t\t\t\t\t<img fetchpriority=\"high\" decoding=\"async\" width=\"400\" height=\"542\" src=\"https:\/\/accioncolombia.org\/wp-content\/uploads\/maria-m-p.jpg\" class=\"attachment-full size-full wp-image-1454\" alt=\"\" srcset=\"https:\/\/accioncolombia.org\/wp-content\/uploads\/maria-m-p.jpg 400w, https:\/\/accioncolombia.org\/wp-content\/uploads\/maria-m-p-221x300.jpg 221w\" sizes=\"(max-width: 400px) 100vw, 400px\" \/>\t\t\t\t\t\t\t\t\t\t\t\t\t\t\t<\/div>\n\t\t\t\t<\/div>\n\t\t\t\t\t<\/div>\n\t\t<\/div>\n\t\t\t\t<div class=\"elementor-column elementor-col-50 elementor-top-column elementor-element elementor-element-2475321\" data-id=\"2475321\" data-element_type=\"column\" data-e-type=\"column\">\n\t\t\t<div class=\"elementor-widget-wrap elementor-element-populated\">\n\t\t\t\t\t\t<div class=\"elementor-element elementor-element-8b0f09e elementor-widget elementor-widget-heading\" data-id=\"8b0f09e\" data-element_type=\"widget\" data-e-type=\"widget\" data-widget_type=\"heading.default\">\n\t\t\t\t<div class=\"elementor-widget-container\">\n\t\t\t\t\t<h2 class=\"elementor-heading-title elementor-size-default\">Maria E Metelitis<\/h2>\t\t\t\t<\/div>\n\t\t\t\t<\/div>\n\t\t\t\t<div class=\"elementor-element elementor-element-3949efc elementor-widget elementor-widget-heading\" data-id=\"3949efc\" data-element_type=\"widget\" data-e-type=\"widget\" data-widget_type=\"heading.default\">\n\t\t\t\t<div class=\"elementor-widget-container\">\n\t\t\t\t\t<h2 class=\"elementor-heading-title elementor-size-default\">Secretary<\/h2>\t\t\t\t<\/div>\n\t\t\t\t<\/div>\n\t\t\t\t<div class=\"elementor-element elementor-element-c010748 elementor-widget elementor-widget-text-editor\" data-id=\"c010748\" data-element_type=\"widget\" data-e-type=\"widget\" data-widget_type=\"text-editor.default\">\n\t\t\t\t<div class=\"elementor-widget-container\">\n\t\t\t\t\t\t\t\t\t<p>Maria E. Metelits, born in Colombia, came to the United States 30 years ago. She studied Business Admiration at Universidad Externado de Colombia. In the United States, she earned two Associate Degrees from Community College of Philadelphia; Office Administration and Behavioral Health and Human Services. In 2012, Mrs. Metelits earned a BS from Chestnut Hill College, majoring in Human Services. She worked for PATH in its Mental Retardation Program as a Residential Counselor. From 1997 to 2018, she worked for the Health Promotion Council as a Bilingual Secretary. Later, she became a Senior Bilingual Administrative Assistant. Mrs. Metelits, now retired, volunteers her time as a member of one of the committees of Vernon House, a cooperative residential facility; as a member of the Board of Directors of Morivivi Latino Cancer Support Group and as a member of the Board of Directors of Acci\u00f3n Colombia.<\/p>\t\t\t\t\t\t\t\t<\/div>\n\t\t\t\t<\/div>\n\t\t\t\t<div class=\"elementor-element elementor-element-8ce51b3 elementor-widget elementor-widget-button\" data-id=\"8ce51b3\" data-element_type=\"widget\" data-e-type=\"widget\" data-widget_type=\"button.default\">\n\t\t\t\t<div class=\"elementor-widget-container\">\n\t\t\t\t\t\t\t\t\t<div class=\"elementor-button-wrapper\">\n\t\t\t\t\t<a class=\"elementor-button elementor-button-link elementor-size-sm\" href=\"https:\/\/accioncolombia.org\/en\/junta-directiva\/\">\n\t\t\t\t\t\t<span class=\"elementor-button-content-wrapper\">\n\t\t\t\t\t\t\t\t\t<span class=\"elementor-button-text\">BACK<\/span>\n\t\t\t\t\t<\/span>\n\t\t\t\t\t<\/a>\n\t\t\t\t<\/div>\n\t\t\t\t\t\t\t\t<\/div>\n\t\t\t\t<\/div>\n\t\t\t\t\t<\/div>\n\t\t<\/div>\n\t\t\t\t\t<\/div>\n\t\t<\/section>\n\t\t\t\t<\/div>","protected":false},"excerpt":{"rendered":"<p>Maria E Metelitis Secretaria Maria E. Metelits nacida en Colombia, lleg\u00f3 a Estados Unidos hace 30 a\u00f1os. Estudi\u00f3 Administraci\u00f3n de Empresas en la Universidad Externado de Colombia. En los Estados Unidos obtuvo dos t\u00edtulos asociados del Community College of Philadelphia; Oficina de administraci\u00f3n y salud conductual y servicios humanos. En 2012, la Sra. Metelits obtuvo [&hellip;]<\/p>\n","protected":false},"author":2,"featured_media":0,"parent":944,"menu_order":0,"comment_status":"closed","ping_status":"closed","template":"elementor_header_footer","meta":{"footnotes":""},"class_list":["post-1640","page","type-page","status-publish","hentry"],"yoast_head":"<!-- This site is optimized with the Yoast SEO plugin v27.5 - https:\/\/yoast.com\/product\/yoast-seo-wordpress\/ -->\n<title>Maria E Metelitis - Accion Colombia<\/title>\n<meta name=\"robots\" content=\"index, follow, max-snippet:-1, max-image-preview:large, max-video-preview:-1\" \/>\n<link rel=\"canonical\" href=\"https:\/\/accioncolombia.org\/en\/junta-directiva\/maria-e-metelitis\/\" \/>\n<meta property=\"og:locale\" content=\"en_US\" \/>\n<meta property=\"og:type\" content=\"article\" \/>\n<meta property=\"og:title\" content=\"Maria E Metelitis - Accion Colombia\" \/>\n<meta property=\"og:description\" content=\"Maria E Metelitis Secretaria Maria E. Metelits nacida en Colombia, lleg\u00f3 a Estados Unidos hace 30 a\u00f1os. Estudi\u00f3 Administraci\u00f3n de Empresas en la Universidad Externado de Colombia. En los Estados Unidos obtuvo dos t\u00edtulos asociados del Community College of Philadelphia; Oficina de administraci\u00f3n y salud conductual y servicios humanos. En 2012, la Sra. Metelits obtuvo [&hellip;]\" \/>\n<meta property=\"og:url\" content=\"https:\/\/accioncolombia.org\/en\/junta-directiva\/maria-e-metelitis\/\" \/>\n<meta property=\"og:site_name\" content=\"Accion Colombia\" \/>\n<meta property=\"article:publisher\" content=\"https:\/\/www.facebook.com\/AccionColombiaPhilly\/\" \/>\n<meta property=\"article:modified_time\" content=\"2023-12-02T05:19:10+00:00\" \/>\n<meta property=\"og:image\" content=\"https:\/\/accioncolombia.org\/wp-content\/uploads\/maria-m-p.jpg\" \/>\n<meta name=\"twitter:card\" content=\"summary_large_image\" \/>\n<meta name=\"twitter:site\" content=\"@accioncolombia1\" \/>\n<meta name=\"twitter:label1\" content=\"Est. reading time\" \/>\n\t<meta name=\"twitter:data1\" content=\"1 minute\" \/>\n<script type=\"application\/ld+json\" class=\"yoast-schema-graph\">{\"@context\":\"https:\\\/\\\/schema.org\",\"@graph\":[{\"@type\":\"WebPage\",\"@id\":\"https:\\\/\\\/accioncolombia.org\\\/junta-directiva\\\/maria-e-metelitis\\\/\",\"url\":\"https:\\\/\\\/accioncolombia.org\\\/junta-directiva\\\/maria-e-metelitis\\\/\",\"name\":\"Maria E Metelitis - Accion Colombia\",\"isPartOf\":{\"@id\":\"https:\\\/\\\/accioncolombia.org\\\/#website\"},\"primaryImageOfPage\":{\"@id\":\"https:\\\/\\\/accioncolombia.org\\\/junta-directiva\\\/maria-e-metelitis\\\/#primaryimage\"},\"image\":{\"@id\":\"https:\\\/\\\/accioncolombia.org\\\/junta-directiva\\\/maria-e-metelitis\\\/#primaryimage\"},\"thumbnailUrl\":\"https:\\\/\\\/accioncolombia.org\\\/wp-content\\\/uploads\\\/maria-m-p.jpg\",\"datePublished\":\"2022-01-14T04:33:14+00:00\",\"dateModified\":\"2023-12-02T05:19:10+00:00\",\"breadcrumb\":{\"@id\":\"https:\\\/\\\/accioncolombia.org\\\/junta-directiva\\\/maria-e-metelitis\\\/#breadcrumb\"},\"inLanguage\":\"en-US\",\"potentialAction\":[{\"@type\":\"ReadAction\",\"target\":[\"https:\\\/\\\/accioncolombia.org\\\/junta-directiva\\\/maria-e-metelitis\\\/\"]}]},{\"@type\":\"ImageObject\",\"inLanguage\":\"en-US\",\"@id\":\"https:\\\/\\\/accioncolombia.org\\\/junta-directiva\\\/maria-e-metelitis\\\/#primaryimage\",\"url\":\"https:\\\/\\\/accioncolombia.org\\\/wp-content\\\/uploads\\\/maria-m-p.jpg\",\"contentUrl\":\"https:\\\/\\\/accioncolombia.org\\\/wp-content\\\/uploads\\\/maria-m-p.jpg\"},{\"@type\":\"BreadcrumbList\",\"@id\":\"https:\\\/\\\/accioncolombia.org\\\/junta-directiva\\\/maria-e-metelitis\\\/#breadcrumb\",\"itemListElement\":[{\"@type\":\"ListItem\",\"position\":1,\"name\":\"Home\",\"item\":\"https:\\\/\\\/accioncolombia.org\\\/\"},{\"@type\":\"ListItem\",\"position\":2,\"name\":\"Junta Directiva\",\"item\":\"https:\\\/\\\/accioncolombia.org\\\/junta-directiva\\\/\"},{\"@type\":\"ListItem\",\"position\":3,\"name\":\"Maria E Metelitis\"}]},{\"@type\":\"WebSite\",\"@id\":\"https:\\\/\\\/accioncolombia.org\\\/#website\",\"url\":\"https:\\\/\\\/accioncolombia.org\\\/\",\"name\":\"Accion Colombia\",\"description\":\"Una organizaci\u00f3n que crea espacios para mantener vigente la cultura colombiana como parte integral de la diversidad hispana en Pennsylvania, New Jersey y Delaware.\",\"publisher\":{\"@id\":\"https:\\\/\\\/accioncolombia.org\\\/#organization\"},\"potentialAction\":[{\"@type\":\"SearchAction\",\"target\":{\"@type\":\"EntryPoint\",\"urlTemplate\":\"https:\\\/\\\/accioncolombia.org\\\/?s={search_term_string}\"},\"query-input\":{\"@type\":\"PropertyValueSpecification\",\"valueRequired\":true,\"valueName\":\"search_term_string\"}}],\"inLanguage\":\"en-US\"},{\"@type\":\"Organization\",\"@id\":\"https:\\\/\\\/accioncolombia.org\\\/#organization\",\"name\":\"Acci\u00f3n Colombia\",\"url\":\"https:\\\/\\\/accioncolombia.org\\\/\",\"logo\":{\"@type\":\"ImageObject\",\"inLanguage\":\"en-US\",\"@id\":\"https:\\\/\\\/accioncolombia.org\\\/#\\\/schema\\\/logo\\\/image\\\/\",\"url\":\"https:\\\/\\\/accioncolombia.org\\\/wp-content\\\/uploads\\\/logo.jpg\",\"contentUrl\":\"https:\\\/\\\/accioncolombia.org\\\/wp-content\\\/uploads\\\/logo.jpg\",\"width\":400,\"height\":400,\"caption\":\"Acci\u00f3n Colombia\"},\"image\":{\"@id\":\"https:\\\/\\\/accioncolombia.org\\\/#\\\/schema\\\/logo\\\/image\\\/\"},\"sameAs\":[\"https:\\\/\\\/www.facebook.com\\\/AccionColombiaPhilly\\\/\",\"https:\\\/\\\/x.com\\\/accioncolombia1\"]}]}<\/script>\n<!-- \/ Yoast SEO plugin. -->","yoast_head_json":{"title":"Maria E Metelitis - Accion Colombia","robots":{"index":"index","follow":"follow","max-snippet":"max-snippet:-1","max-image-preview":"max-image-preview:large","max-video-preview":"max-video-preview:-1"},"canonical":"https:\/\/accioncolombia.org\/en\/junta-directiva\/maria-e-metelitis\/","og_locale":"en_US","og_type":"article","og_title":"Maria E Metelitis - Accion Colombia","og_description":"Maria E Metelitis Secretaria Maria E. Metelits nacida en Colombia, lleg\u00f3 a Estados Unidos hace 30 a\u00f1os. Estudi\u00f3 Administraci\u00f3n de Empresas en la Universidad Externado de Colombia. En los Estados Unidos obtuvo dos t\u00edtulos asociados del Community College of Philadelphia; Oficina de administraci\u00f3n y salud conductual y servicios humanos. En 2012, la Sra. Metelits obtuvo [&hellip;]","og_url":"https:\/\/accioncolombia.org\/en\/junta-directiva\/maria-e-metelitis\/","og_site_name":"Accion Colombia","article_publisher":"https:\/\/www.facebook.com\/AccionColombiaPhilly\/","article_modified_time":"2023-12-02T05:19:10+00:00","og_image":[{"url":"https:\/\/accioncolombia.org\/wp-content\/uploads\/maria-m-p.jpg","type":"","width":"","height":""}],"twitter_card":"summary_large_image","twitter_site":"@accioncolombia1","twitter_misc":{"Est. reading time":"1 minute"},"schema":{"@context":"https:\/\/schema.org","@graph":[{"@type":"WebPage","@id":"https:\/\/accioncolombia.org\/junta-directiva\/maria-e-metelitis\/","url":"https:\/\/accioncolombia.org\/junta-directiva\/maria-e-metelitis\/","name":"Maria E Metelitis - Accion Colombia","isPartOf":{"@id":"https:\/\/accioncolombia.org\/#website"},"primaryImageOfPage":{"@id":"https:\/\/accioncolombia.org\/junta-directiva\/maria-e-metelitis\/#primaryimage"},"image":{"@id":"https:\/\/accioncolombia.org\/junta-directiva\/maria-e-metelitis\/#primaryimage"},"thumbnailUrl":"https:\/\/accioncolombia.org\/wp-content\/uploads\/maria-m-p.jpg","datePublished":"2022-01-14T04:33:14+00:00","dateModified":"2023-12-02T05:19:10+00:00","breadcrumb":{"@id":"https:\/\/accioncolombia.org\/junta-directiva\/maria-e-metelitis\/#breadcrumb"},"inLanguage":"en-US","potentialAction":[{"@type":"ReadAction","target":["https:\/\/accioncolombia.org\/junta-directiva\/maria-e-metelitis\/"]}]},{"@type":"ImageObject","inLanguage":"en-US","@id":"https:\/\/accioncolombia.org\/junta-directiva\/maria-e-metelitis\/#primaryimage","url":"https:\/\/accioncolombia.org\/wp-content\/uploads\/maria-m-p.jpg","contentUrl":"https:\/\/accioncolombia.org\/wp-content\/uploads\/maria-m-p.jpg"},{"@type":"BreadcrumbList","@id":"https:\/\/accioncolombia.org\/junta-directiva\/maria-e-metelitis\/#breadcrumb","itemListElement":[{"@type":"ListItem","position":1,"name":"Home","item":"https:\/\/accioncolombia.org\/"},{"@type":"ListItem","position":2,"name":"Junta Directiva","item":"https:\/\/accioncolombia.org\/junta-directiva\/"},{"@type":"ListItem","position":3,"name":"Maria E Metelitis"}]},{"@type":"WebSite","@id":"https:\/\/accioncolombia.org\/#website","url":"https:\/\/accioncolombia.org\/","name":"Accion Colombia","description":"Una organizaci\u00f3n que crea espacios para mantener vigente la cultura colombiana como parte integral de la diversidad hispana en Pennsylvania, New Jersey y Delaware.","publisher":{"@id":"https:\/\/accioncolombia.org\/#organization"},"potentialAction":[{"@type":"SearchAction","target":{"@type":"EntryPoint","urlTemplate":"https:\/\/accioncolombia.org\/?s={search_term_string}"},"query-input":{"@type":"PropertyValueSpecification","valueRequired":true,"valueName":"search_term_string"}}],"inLanguage":"en-US"},{"@type":"Organization","@id":"https:\/\/accioncolombia.org\/#organization","name":"Acci\u00f3n Colombia","url":"https:\/\/accioncolombia.org\/","logo":{"@type":"ImageObject","inLanguage":"en-US","@id":"https:\/\/accioncolombia.org\/#\/schema\/logo\/image\/","url":"https:\/\/accioncolombia.org\/wp-content\/uploads\/logo.jpg","contentUrl":"https:\/\/accioncolombia.org\/wp-content\/uploads\/logo.jpg","width":400,"height":400,"caption":"Acci\u00f3n Colombia"},"image":{"@id":"https:\/\/accioncolombia.org\/#\/schema\/logo\/image\/"},"sameAs":["https:\/\/www.facebook.com\/AccionColombiaPhilly\/","https:\/\/x.com\/accioncolombia1"]}]}},"jetpack_sharing_enabled":true,"_links":{"self":[{"href":"https:\/\/accioncolombia.org\/en\/wp-json\/wp\/v2\/pages\/1640","targetHints":{"allow":["GET"]}}],"collection":[{"href":"https:\/\/accioncolombia.org\/en\/wp-json\/wp\/v2\/pages"}],"about":[{"href":"https:\/\/accioncolombia.org\/en\/wp-json\/wp\/v2\/types\/page"}],"author":[{"embeddable":true,"href":"https:\/\/accioncolombia.org\/en\/wp-json\/wp\/v2\/users\/2"}],"replies":[{"embeddable":true,"href":"https:\/\/accioncolombia.org\/en\/wp-json\/wp\/v2\/comments?post=1640"}],"version-history":[{"count":19,"href":"https:\/\/accioncolombia.org\/en\/wp-json\/wp\/v2\/pages\/1640\/revisions"}],"predecessor-version":[{"id":2643,"href":"https:\/\/accioncolombia.org\/en\/wp-json\/wp\/v2\/pages\/1640\/revisions\/2643"}],"up":[{"embeddable":true,"href":"https:\/\/accioncolombia.org\/en\/wp-json\/wp\/v2\/pages\/944"}],"wp:attachment":[{"href":"https:\/\/accioncolombia.org\/en\/wp-json\/wp\/v2\/media?parent=1640"}],"curies":[{"name":"wp","href":"https:\/\/api.w.org\/{rel}","templated":true}]}}