{"id":2710,"date":"2025-04-25T15:00:10","date_gmt":"2025-04-25T15:00:10","guid":{"rendered":"https:\/\/accioncolombia.org\/?page_id=2710"},"modified":"2025-04-25T15:08:25","modified_gmt":"2025-04-25T15:08:25","slug":"maria-del-pilar-rodriguez-2","status":"publish","type":"page","link":"https:\/\/accioncolombia.org\/en\/maria-del-pilar-rodriguez-2\/","title":{"rendered":"Maria del Pilar Rodriguez"},"content":{"rendered":"<div data-elementor-type=\"wp-page\" data-elementor-id=\"2710\" class=\"elementor elementor-2710\">\n\t\t\t\t\t\t<section class=\"elementor-section elementor-top-section elementor-element elementor-element-2ea7a3c elementor-section-boxed elementor-section-height-default elementor-section-height-default\" data-id=\"2ea7a3c\" data-element_type=\"section\" data-e-type=\"section\">\n\t\t\t\t\t\t<div class=\"elementor-container elementor-column-gap-default\">\n\t\t\t\t\t<div class=\"elementor-column elementor-col-50 elementor-top-column elementor-element elementor-element-b28af1a\" data-id=\"b28af1a\" data-element_type=\"column\" data-e-type=\"column\">\n\t\t\t<div class=\"elementor-widget-wrap elementor-element-populated\">\n\t\t\t\t\t\t<div class=\"elementor-element elementor-element-368fa55 elementor-widget elementor-widget-image\" data-id=\"368fa55\" data-element_type=\"widget\" data-e-type=\"widget\" data-widget_type=\"image.default\">\n\t\t\t\t<div class=\"elementor-widget-container\">\n\t\t\t\t\t\t\t\t\t\t\t\t\t\t\t<img fetchpriority=\"high\" decoding=\"async\" width=\"400\" height=\"542\" src=\"https:\/\/accioncolombia.org\/wp-content\/uploads\/Maria-del-Pilar-Rodriguez.jpg\" class=\"attachment-full size-full wp-image-2705\" alt=\"young woman smiling with long black hair\" srcset=\"https:\/\/accioncolombia.org\/wp-content\/uploads\/Maria-del-Pilar-Rodriguez.jpg 400w, https:\/\/accioncolombia.org\/wp-content\/uploads\/Maria-del-Pilar-Rodriguez-221x300.jpg 221w, https:\/\/accioncolombia.org\/wp-content\/uploads\/Maria-del-Pilar-Rodriguez-9x12.jpg 9w\" sizes=\"(max-width: 400px) 100vw, 400px\" \/>\t\t\t\t\t\t\t\t\t\t\t\t\t\t\t<\/div>\n\t\t\t\t<\/div>\n\t\t\t\t\t<\/div>\n\t\t<\/div>\n\t\t\t\t<div class=\"elementor-column elementor-col-50 elementor-top-column elementor-element elementor-element-619255c\" data-id=\"619255c\" data-element_type=\"column\" data-e-type=\"column\">\n\t\t\t<div class=\"elementor-widget-wrap elementor-element-populated\">\n\t\t\t\t\t\t<div class=\"elementor-element elementor-element-8fbb69b elementor-widget elementor-widget-heading\" data-id=\"8fbb69b\" data-element_type=\"widget\" data-e-type=\"widget\" data-widget_type=\"heading.default\">\n\t\t\t\t<div class=\"elementor-widget-container\">\n\t\t\t\t\t<h2 class=\"elementor-heading-title elementor-size-default\">Mar\u00eda del Pilar Rodr\u00edguez<\/h2>\t\t\t\t<\/div>\n\t\t\t\t<\/div>\n\t\t\t\t<div class=\"elementor-element elementor-element-b2c704b elementor-widget elementor-widget-heading\" data-id=\"b2c704b\" data-element_type=\"widget\" data-e-type=\"widget\" data-widget_type=\"heading.default\">\n\t\t\t\t<div class=\"elementor-widget-container\">\n\t\t\t\t\t<h2 class=\"elementor-heading-title elementor-size-default\">Board Member<\/h2>\t\t\t\t<\/div>\n\t\t\t\t<\/div>\n\t\t\t\t<div class=\"elementor-element elementor-element-5e7e48c elementor-widget elementor-widget-text-editor\" data-id=\"5e7e48c\" data-element_type=\"widget\" data-e-type=\"widget\" data-widget_type=\"text-editor.default\">\n\t\t\t\t<div class=\"elementor-widget-container\">\n\t\t\t\t\t\t\t\t\t<p>Mar\u00eda del Pilar Rodr\u00edguez is a Colombian professional who emigrated to the United States eight years ago. She is deeply passionate about financial education and community empowerment, dedicating her work to helping families and entrepreneurs build secure and meaningful futures. Through her expertise in financial services, she collaborates with professionals and organizations to provide workshops, resources, and culturally relevant programs.<\/p><p>She is the author of \u201cDe los cuentos a las cuentas,\u201d a children\u2019s book that introduces financial literacy through storytelling, encouraging children to build a positive relationship with money from a young age.<\/p><p>Acci\u00f3n Colombia holds a big part of her heart. As a board member, Mar\u00eda contributes her experience and commitment to support and expand the organization\u2019s impact. She also serves on the board of the Norristown Chamber of Commerce and is an active member of the organizing committee for the Latin American Book Fair.<\/p><p>In every role, Mar\u00eda promotes inclusion, education, and leadership within the Latino community.<\/p>\t\t\t\t\t\t\t\t<\/div>\n\t\t\t\t<\/div>\n\t\t\t\t<div class=\"elementor-element elementor-element-b58c8ab elementor-widget elementor-widget-button\" data-id=\"b58c8ab\" data-element_type=\"widget\" data-e-type=\"widget\" data-widget_type=\"button.default\">\n\t\t\t\t<div class=\"elementor-widget-container\">\n\t\t\t\t\t\t\t\t\t<div class=\"elementor-button-wrapper\">\n\t\t\t\t\t<a class=\"elementor-button elementor-button-link elementor-size-sm\" href=\"https:\/\/accioncolombia.org\/en\/junta-directiva\/\">\n\t\t\t\t\t\t<span class=\"elementor-button-content-wrapper\">\n\t\t\t\t\t\t\t\t\t<span class=\"elementor-button-text\">BACK<\/span>\n\t\t\t\t\t<\/span>\n\t\t\t\t\t<\/a>\n\t\t\t\t<\/div>\n\t\t\t\t\t\t\t\t<\/div>\n\t\t\t\t<\/div>\n\t\t\t\t\t<\/div>\n\t\t<\/div>\n\t\t\t\t\t<\/div>\n\t\t<\/section>\n\t\t\t\t<\/div>","protected":false},"excerpt":{"rendered":"<p>Mar\u00eda del Pilar Rodr\u00edguez Miembro de la Junta Directiva Mar\u00eda del Pilar Rodr\u00edguez es una profesional colombiana que emigr\u00f3 a Estados Unidos hace ocho a\u00f1os. Apasionada por la educaci\u00f3n financiera y el empoderamiento comunitario, trabaja para que las familias y emprendedores construyan futuros m\u00e1s s\u00f3lidos y seguros. A trav\u00e9s de sus servicios financieros, colabora con [&hellip;]<\/p>\n","protected":false},"author":2,"featured_media":0,"parent":0,"menu_order":0,"comment_status":"closed","ping_status":"closed","template":"","meta":{"footnotes":""},"class_list":["post-2710","page","type-page","status-publish","hentry"],"yoast_head":"<!-- This site is optimized with the Yoast SEO plugin v27.5 - https:\/\/yoast.com\/product\/yoast-seo-wordpress\/ -->\n<title>Maria del Pilar Rodriguez - Accion Colombia<\/title>\n<meta name=\"robots\" content=\"index, follow, max-snippet:-1, max-image-preview:large, max-video-preview:-1\" \/>\n<link rel=\"canonical\" href=\"https:\/\/accioncolombia.org\/en\/maria-del-pilar-rodriguez-2\/\" \/>\n<meta property=\"og:locale\" content=\"en_US\" \/>\n<meta property=\"og:type\" content=\"article\" \/>\n<meta property=\"og:title\" content=\"Maria del Pilar Rodriguez - Accion Colombia\" \/>\n<meta property=\"og:description\" content=\"Mar\u00eda del Pilar Rodr\u00edguez Miembro de la Junta Directiva Mar\u00eda del Pilar Rodr\u00edguez es una profesional colombiana que emigr\u00f3 a Estados Unidos hace ocho a\u00f1os. Apasionada por la educaci\u00f3n financiera y el empoderamiento comunitario, trabaja para que las familias y emprendedores construyan futuros m\u00e1s s\u00f3lidos y seguros. A trav\u00e9s de sus servicios financieros, colabora con [&hellip;]\" \/>\n<meta property=\"og:url\" content=\"https:\/\/accioncolombia.org\/en\/maria-del-pilar-rodriguez-2\/\" \/>\n<meta property=\"og:site_name\" content=\"Accion Colombia\" \/>\n<meta property=\"article:publisher\" content=\"https:\/\/www.facebook.com\/AccionColombiaPhilly\/\" \/>\n<meta property=\"article:modified_time\" content=\"2025-04-25T15:08:25+00:00\" \/>\n<meta property=\"og:image\" content=\"https:\/\/accioncolombia.org\/wp-content\/uploads\/Maria-del-Pilar-Rodriguez.jpg\" \/>\n<meta name=\"twitter:card\" content=\"summary_large_image\" \/>\n<meta name=\"twitter:site\" content=\"@accioncolombia1\" \/>\n<meta name=\"twitter:label1\" content=\"Est. reading time\" \/>\n\t<meta name=\"twitter:data1\" content=\"1 minute\" \/>\n<script type=\"application\/ld+json\" class=\"yoast-schema-graph\">{\"@context\":\"https:\\\/\\\/schema.org\",\"@graph\":[{\"@type\":\"WebPage\",\"@id\":\"https:\\\/\\\/accioncolombia.org\\\/maria-del-pilar-rodriguez-2\\\/\",\"url\":\"https:\\\/\\\/accioncolombia.org\\\/maria-del-pilar-rodriguez-2\\\/\",\"name\":\"Maria del Pilar Rodriguez - Accion Colombia\",\"isPartOf\":{\"@id\":\"https:\\\/\\\/accioncolombia.org\\\/#website\"},\"primaryImageOfPage\":{\"@id\":\"https:\\\/\\\/accioncolombia.org\\\/maria-del-pilar-rodriguez-2\\\/#primaryimage\"},\"image\":{\"@id\":\"https:\\\/\\\/accioncolombia.org\\\/maria-del-pilar-rodriguez-2\\\/#primaryimage\"},\"thumbnailUrl\":\"https:\\\/\\\/accioncolombia.org\\\/wp-content\\\/uploads\\\/Maria-del-Pilar-Rodriguez.jpg\",\"datePublished\":\"2025-04-25T15:00:10+00:00\",\"dateModified\":\"2025-04-25T15:08:25+00:00\",\"breadcrumb\":{\"@id\":\"https:\\\/\\\/accioncolombia.org\\\/maria-del-pilar-rodriguez-2\\\/#breadcrumb\"},\"inLanguage\":\"en-US\",\"potentialAction\":[{\"@type\":\"ReadAction\",\"target\":[\"https:\\\/\\\/accioncolombia.org\\\/maria-del-pilar-rodriguez-2\\\/\"]}]},{\"@type\":\"ImageObject\",\"inLanguage\":\"en-US\",\"@id\":\"https:\\\/\\\/accioncolombia.org\\\/maria-del-pilar-rodriguez-2\\\/#primaryimage\",\"url\":\"https:\\\/\\\/accioncolombia.org\\\/wp-content\\\/uploads\\\/Maria-del-Pilar-Rodriguez.jpg\",\"contentUrl\":\"https:\\\/\\\/accioncolombia.org\\\/wp-content\\\/uploads\\\/Maria-del-Pilar-Rodriguez.jpg\"},{\"@type\":\"BreadcrumbList\",\"@id\":\"https:\\\/\\\/accioncolombia.org\\\/maria-del-pilar-rodriguez-2\\\/#breadcrumb\",\"itemListElement\":[{\"@type\":\"ListItem\",\"position\":1,\"name\":\"Home\",\"item\":\"https:\\\/\\\/accioncolombia.org\\\/\"},{\"@type\":\"ListItem\",\"position\":2,\"name\":\"Maria del Pilar Rodriguez\"}]},{\"@type\":\"WebSite\",\"@id\":\"https:\\\/\\\/accioncolombia.org\\\/#website\",\"url\":\"https:\\\/\\\/accioncolombia.org\\\/\",\"name\":\"Accion Colombia\",\"description\":\"Una organizaci\u00f3n que crea espacios para mantener vigente la cultura colombiana como parte integral de la diversidad hispana en Pennsylvania, New Jersey y Delaware.\",\"publisher\":{\"@id\":\"https:\\\/\\\/accioncolombia.org\\\/#organization\"},\"potentialAction\":[{\"@type\":\"SearchAction\",\"target\":{\"@type\":\"EntryPoint\",\"urlTemplate\":\"https:\\\/\\\/accioncolombia.org\\\/?s={search_term_string}\"},\"query-input\":{\"@type\":\"PropertyValueSpecification\",\"valueRequired\":true,\"valueName\":\"search_term_string\"}}],\"inLanguage\":\"en-US\"},{\"@type\":\"Organization\",\"@id\":\"https:\\\/\\\/accioncolombia.org\\\/#organization\",\"name\":\"Acci\u00f3n Colombia\",\"url\":\"https:\\\/\\\/accioncolombia.org\\\/\",\"logo\":{\"@type\":\"ImageObject\",\"inLanguage\":\"en-US\",\"@id\":\"https:\\\/\\\/accioncolombia.org\\\/#\\\/schema\\\/logo\\\/image\\\/\",\"url\":\"https:\\\/\\\/accioncolombia.org\\\/wp-content\\\/uploads\\\/logo.jpg\",\"contentUrl\":\"https:\\\/\\\/accioncolombia.org\\\/wp-content\\\/uploads\\\/logo.jpg\",\"width\":400,\"height\":400,\"caption\":\"Acci\u00f3n Colombia\"},\"image\":{\"@id\":\"https:\\\/\\\/accioncolombia.org\\\/#\\\/schema\\\/logo\\\/image\\\/\"},\"sameAs\":[\"https:\\\/\\\/www.facebook.com\\\/AccionColombiaPhilly\\\/\",\"https:\\\/\\\/x.com\\\/accioncolombia1\"]}]}<\/script>\n<!-- \/ Yoast SEO plugin. -->","yoast_head_json":{"title":"Maria del Pilar Rodriguez - Accion Colombia","robots":{"index":"index","follow":"follow","max-snippet":"max-snippet:-1","max-image-preview":"max-image-preview:large","max-video-preview":"max-video-preview:-1"},"canonical":"https:\/\/accioncolombia.org\/en\/maria-del-pilar-rodriguez-2\/","og_locale":"en_US","og_type":"article","og_title":"Maria del Pilar Rodriguez - Accion Colombia","og_description":"Mar\u00eda del Pilar Rodr\u00edguez Miembro de la Junta Directiva Mar\u00eda del Pilar Rodr\u00edguez es una profesional colombiana que emigr\u00f3 a Estados Unidos hace ocho a\u00f1os. Apasionada por la educaci\u00f3n financiera y el empoderamiento comunitario, trabaja para que las familias y emprendedores construyan futuros m\u00e1s s\u00f3lidos y seguros. A trav\u00e9s de sus servicios financieros, colabora con [&hellip;]","og_url":"https:\/\/accioncolombia.org\/en\/maria-del-pilar-rodriguez-2\/","og_site_name":"Accion Colombia","article_publisher":"https:\/\/www.facebook.com\/AccionColombiaPhilly\/","article_modified_time":"2025-04-25T15:08:25+00:00","og_image":[{"url":"https:\/\/accioncolombia.org\/wp-content\/uploads\/Maria-del-Pilar-Rodriguez.jpg","type":"","width":"","height":""}],"twitter_card":"summary_large_image","twitter_site":"@accioncolombia1","twitter_misc":{"Est. reading time":"1 minute"},"schema":{"@context":"https:\/\/schema.org","@graph":[{"@type":"WebPage","@id":"https:\/\/accioncolombia.org\/maria-del-pilar-rodriguez-2\/","url":"https:\/\/accioncolombia.org\/maria-del-pilar-rodriguez-2\/","name":"Maria del Pilar Rodriguez - Accion Colombia","isPartOf":{"@id":"https:\/\/accioncolombia.org\/#website"},"primaryImageOfPage":{"@id":"https:\/\/accioncolombia.org\/maria-del-pilar-rodriguez-2\/#primaryimage"},"image":{"@id":"https:\/\/accioncolombia.org\/maria-del-pilar-rodriguez-2\/#primaryimage"},"thumbnailUrl":"https:\/\/accioncolombia.org\/wp-content\/uploads\/Maria-del-Pilar-Rodriguez.jpg","datePublished":"2025-04-25T15:00:10+00:00","dateModified":"2025-04-25T15:08:25+00:00","breadcrumb":{"@id":"https:\/\/accioncolombia.org\/maria-del-pilar-rodriguez-2\/#breadcrumb"},"inLanguage":"en-US","potentialAction":[{"@type":"ReadAction","target":["https:\/\/accioncolombia.org\/maria-del-pilar-rodriguez-2\/"]}]},{"@type":"ImageObject","inLanguage":"en-US","@id":"https:\/\/accioncolombia.org\/maria-del-pilar-rodriguez-2\/#primaryimage","url":"https:\/\/accioncolombia.org\/wp-content\/uploads\/Maria-del-Pilar-Rodriguez.jpg","contentUrl":"https:\/\/accioncolombia.org\/wp-content\/uploads\/Maria-del-Pilar-Rodriguez.jpg"},{"@type":"BreadcrumbList","@id":"https:\/\/accioncolombia.org\/maria-del-pilar-rodriguez-2\/#breadcrumb","itemListElement":[{"@type":"ListItem","position":1,"name":"Home","item":"https:\/\/accioncolombia.org\/"},{"@type":"ListItem","position":2,"name":"Maria del Pilar Rodriguez"}]},{"@type":"WebSite","@id":"https:\/\/accioncolombia.org\/#website","url":"https:\/\/accioncolombia.org\/","name":"Accion Colombia","description":"Una organizaci\u00f3n que crea espacios para mantener vigente la cultura colombiana como parte integral de la diversidad hispana en Pennsylvania, New Jersey y Delaware.","publisher":{"@id":"https:\/\/accioncolombia.org\/#organization"},"potentialAction":[{"@type":"SearchAction","target":{"@type":"EntryPoint","urlTemplate":"https:\/\/accioncolombia.org\/?s={search_term_string}"},"query-input":{"@type":"PropertyValueSpecification","valueRequired":true,"valueName":"search_term_string"}}],"inLanguage":"en-US"},{"@type":"Organization","@id":"https:\/\/accioncolombia.org\/#organization","name":"Acci\u00f3n Colombia","url":"https:\/\/accioncolombia.org\/","logo":{"@type":"ImageObject","inLanguage":"en-US","@id":"https:\/\/accioncolombia.org\/#\/schema\/logo\/image\/","url":"https:\/\/accioncolombia.org\/wp-content\/uploads\/logo.jpg","contentUrl":"https:\/\/accioncolombia.org\/wp-content\/uploads\/logo.jpg","width":400,"height":400,"caption":"Acci\u00f3n Colombia"},"image":{"@id":"https:\/\/accioncolombia.org\/#\/schema\/logo\/image\/"},"sameAs":["https:\/\/www.facebook.com\/AccionColombiaPhilly\/","https:\/\/x.com\/accioncolombia1"]}]}},"jetpack_sharing_enabled":true,"_links":{"self":[{"href":"https:\/\/accioncolombia.org\/en\/wp-json\/wp\/v2\/pages\/2710","targetHints":{"allow":["GET"]}}],"collection":[{"href":"https:\/\/accioncolombia.org\/en\/wp-json\/wp\/v2\/pages"}],"about":[{"href":"https:\/\/accioncolombia.org\/en\/wp-json\/wp\/v2\/types\/page"}],"author":[{"embeddable":true,"href":"https:\/\/accioncolombia.org\/en\/wp-json\/wp\/v2\/users\/2"}],"replies":[{"embeddable":true,"href":"https:\/\/accioncolombia.org\/en\/wp-json\/wp\/v2\/comments?post=2710"}],"version-history":[{"count":6,"href":"https:\/\/accioncolombia.org\/en\/wp-json\/wp\/v2\/pages\/2710\/revisions"}],"predecessor-version":[{"id":2718,"href":"https:\/\/accioncolombia.org\/en\/wp-json\/wp\/v2\/pages\/2710\/revisions\/2718"}],"wp:attachment":[{"href":"https:\/\/accioncolombia.org\/en\/wp-json\/wp\/v2\/media?parent=2710"}],"curies":[{"name":"wp","href":"https:\/\/api.w.org\/{rel}","templated":true}]}}